{"id":383,"date":"2018-08-23T16:34:50","date_gmt":"2018-08-23T14:34:50","guid":{"rendered":"https:\/\/www.moebel.org\/cms\/?page_id=383"},"modified":"2022-11-07T12:03:21","modified_gmt":"2022-11-07T11:03:21","slug":"sitzgruppen-sofas","status":"publish","type":"page","link":"https:\/\/www.moebel.org\/cms\/sitzgruppen-sofas\/","title":{"rendered":"Sitzgruppen, Sofas"},"content":{"rendered":"\n<p class=\"has-black-color has-text-color\"><strong><a href=\"https:\/\/www.moebel.org\/moebel-aus-bambus.htm\">Bambusm\u00f6bel &#8211; Sitzgruppen<br><\/a>Wohnzimmerm\u00f6bel <\/strong>und Wintergartenm\u00f6bel mit Flair, exotische Bambusm\u00f6bel in edler Ausf\u00fchrung.\u00a0Hier sind Sie auf der Seite mit dem Sitzkomfort (M\u00f6bel f\u00fcr den Innenbereich)! Sofas f\u00fcr 2 oder 3 Personen, Sessel \/ Fauteuils, Hocker und Wohnzimmertische aus Bambus.\u00a0<\/p>\n\n\n\n<figure class=\"wp-block-image size-large is-resized\"><img loading=\"lazy\" decoding=\"async\" src=\"https:\/\/www.moebel.org\/Bambusmoebel-Fotos-NEU\/Sessel-Fauteuil-Bambus-Rita_kl.jpg\" alt=\"\" width=\"833\" height=\"832\"\/><\/figure>\n\n\n\n<p><strong>Sessel \/ Fauteuil aus Bambus, Modell &#8220;Rita&#8221;<br><\/strong>Bei all diesen Sitzm\u00f6beln ist der Bezug zum Waschen abnehmbar (Rei\u00dfverschluss) und die Kissen sind &#8211; je nach Modell &#8211; ev. auch beidseitig verwendbar (k\u00f6nnen also gewendet werden).<\/p>\n\n\n\n<p>Modell &#8220;Madura&#8221;<br>Ein Wintergarten mit Sofa und Sessel der Reihe &#8220;Madura&#8221; (hier mit Sprossen in den Armlehnen), dazu ein praktischer&nbsp;Hocker&nbsp;(welcher ohne Polster auch als Beistelltisch verwendet werden kann) und ein Tisch Modell &#8220;Betawi&#8221; mit abgeschr\u00e4gter Glasplatte und mit Fassettenschliff in der Glaskante. Edel im Design, komfortabel, modern und zeitlos.<\/p>\n\n\n\n<p><strong>Sessel \/ Fauteuil Mod. &#8220;Madura&#8221;<\/strong><\/p>\n\n\n\n<figure class=\"wp-block-image size-large is-resized\"><img loading=\"lazy\" decoding=\"async\" src=\"https:\/\/www.moebel.org\/Bambusmoebel-Fotos-NEU\/Bambusmoebel-Sessel-Fauteuil-aus-Bambus-Madura-P1100101_FG_kl_log.jpg\" alt=\"\" width=\"555\" height=\"593\"\/><\/figure>\n\n\n\n<p>Bambussessel Modell&nbsp;Madura&nbsp;aus hellem Bambus (natur hell), Polsterung beige (abziehbar zum Waschen), Armlehne hier ohne Sprossen und ohne Geflecht. Schlichte Eleganz mit gutem Sitzkomfort (mittlere Sitztiefe) f\u00fcr Privatbereich und Hotels bzw. Fremdenzimmer<\/p>\n\n\n\n<p>Sessel \/ Fauteuil<br><strong>Bambusfauteuils <\/strong>Modell\u00a0Madura\u00a0heller Bambus 1x gr\u00fcn gebeizt, 1x natur hell, und ein Sessel aus dunklem Bambus. Polsterung in vielen\u00a0Farben\u00a0ohne Aufpreis (siehe auch Foto am Ende dieser Seite). Armlehne optional mit Sprossen (mittleres Foto) und auch mit Sprossen und Geflecht erh\u00e4ltlich (rechtes Foto). Flexibel in jeder Hinsicht.<\/p>\n\n\n\n<p>Sofa Mod.<br>Madura<\/p>\n\n\n\n<p><strong>Sofas <\/strong>Modell\u00a0Madura\u00a0(Zweisitzer und Dreisitzer), moderne &amp; elegante Sitzgruppen f\u00fcr Wohnzimmer oder Winterg\u00e4rten und auch f\u00fcr Hotelzimmer. Alle Modelle sind auch in Sitzh\u00f6he f\u00fcr Esszimmer lieferbar (als gerade Bank und auch als Eckbank, Sonderkonstruktionen nach Plan, usw.), dies gilt auch f\u00fcr die Sessel.<\/p>\n\n\n\n<p>Mod. &#8220;Manuela&#8221;<\/p>\n\n\n\n<figure class=\"wp-block-image size-large is-resized\"><img loading=\"lazy\" decoding=\"async\" src=\"https:\/\/www.moebel.org\/Bambusmoebel-Fotos-NEU\/Couch-Sofa-Dreisitzer-Manuela-Bambus-kl.JPG\" alt=\"\" width=\"833\" height=\"856\"\/><\/figure>\n\n\n\n<p>Gem\u00fctlich &amp; bequem durch gro\u00dfe Sitztiefe, das Modell\u00a0Manuela.\u00a0<strong>Sessel und Sofas<\/strong> (2sitzer und 3sitzer), auch hier alle Variationen &#8211; wie bei Mod. Madura weiter oben beschrieben &#8211; m\u00f6glich<\/p>\n\n\n\n<p>Modell &#8220;Bali&#8221;<br>Die Sitzgruppe Modell &#8220;Bali&#8221; (hier bestehend aus 2-Sitzer, 3-Sitzer und Fauteuil) und ein Tisch Modell &#8220;Cross 3&#8221; mit Glasplatte. Sehr gem\u00fctlich und einladend, passt f\u00fcr Wohnzimmer wie Wintergarten, nat\u00fcrlich auch in einem Wellness-Bereich zu Hause oder in Hotels und Thermen.<\/p>\n\n\n\n<figure class=\"wp-block-image size-large is-resized\"><img loading=\"lazy\" decoding=\"async\" src=\"https:\/\/www.moebel.org\/Bambusmoebel-Fotos-NEU\/Bali-Sofa-Couch-Sitzgruppe-Bambus-Stec-01.jpg\" alt=\"\" width=\"835\" height=\"526\"\/><\/figure>\n\n\n\n<p><strong>Modell &#8220;Bali&#8221; <\/strong><\/p>\n\n\n\n<p>Sessel \/<br>Fauteuil<\/p>\n\n\n\n<p>Sitzgruppe<br>Mod. Bali<\/p>\n\n\n\n<p>Sofa<br>Mod. Bali<\/p>\n\n\n\n<p><\/p>\n\n\n\n<p>Gepolsterte <strong>Armlehnen<\/strong>, sehr bequem und wohnlich, ein gut gepolsterter Traum f\u00fcr <strong>angenehmes Sitzen<\/strong>. Das Modell\u00a0<strong>Bali\u00a0<\/strong>ist bekannt f\u00fcr seinen guten Sitzkomfort. Sitzposition eher niedrig (z. B. 40 cm), gute Sitztiefe. Ein Sitzm\u00f6bel aus Bambus so richtig zum Wohlf\u00fchlen, fast wie im Urlaub.<\/p>\n\n\n\n<p>Fauteuils, Sessel und Sofas Modell &#8220;Rita&#8221;<\/p>\n\n\n\n<p>Sessel Mod. Rita<\/p>\n\n\n\n<figure class=\"wp-block-image size-large is-resized\"><img loading=\"lazy\" decoding=\"async\" src=\"https:\/\/www.moebel.org\/Bambusmoebel-Fotos-NEU\/Sofa-Couch-Rita-3-Sitzer-Bambusmoebel-P1150039_mgr.jpg\" alt=\"\" width=\"833\" height=\"693\"\/><\/figure>\n\n\n\n<p><\/p>\n\n\n\n<p>Sofa,<br>Sessel \/<br>Fauteuil<br>Rita<\/p>\n\n\n\n<p><strong>Sitzgruppe<\/strong><br>Mod. Rita,<br>Wintergarten<\/p>\n\n\n\n<p><strong>Bambus-Sitzgruppe\u00a0<\/strong>Modell Rita, variabel in jeder Hinsicht (Farbe, H\u00f6he, Polsterung). Sessel und Sofas in Wohnzimmerh\u00f6he oder St\u00fchle und B\u00e4nke in Esszimmerh\u00f6he. Diese Bambusm\u00f6bel passen im Wintergarten, im Wohnzimmer, Kinderzimmer, G\u00e4stezimmer und auch im Hotelzimmer hervorragend.<br>\u00a0<\/p>\n\n\n\n<p><strong>Dreisitzer-Sofa<\/strong> Mod. &#8220;Rita&#8221; aus hellem Bambus<br>\u00a0<br>Eine elegante Kombination mit rotem Stoff, schwarzer Bambus mit schwarz gebeizten Rattanwicklungen. Dreisitzer-Sofa Mod. &#8220;Rita black bamboo&#8221; und Sessel aus schwarzem Bambus mit hellem\u00a0Stoff. Farbkombinationen in unz\u00e4hligen Varianten sind hier m\u00f6glich.<\/p>\n\n\n\n<p>Sumatra<\/p>\n\n\n\n<p><\/p>\n\n\n\n<figure class=\"wp-block-image size-large is-resized\"><img loading=\"lazy\" decoding=\"async\" src=\"https:\/\/www.moebel.org\/Bambusmoebel-Fotos-NEU\/bambusmoebel-sitzgruppe-schauraum.jpg\" alt=\"\" width=\"433\" height=\"325\"\/><\/figure>\n\n\n\n<p><strong>Sitzgruppe &amp; Tisch<br><\/strong>Sessel, Fu\u00dfablage<\/p>\n\n\n\n<p>Gem\u00fctlich &amp; bequem, Fauteuils \/ Sofas \/ Sitzgruppen&nbsp;Modell Sumatra, wie alle anderen Modelle ist auch das Sumatra mit Fu\u00dfablage erh\u00e4ltlich (z. B. zur Verwendung als Lesesessel). Die Fu\u00dfablage dieser Bambus-Sitzm\u00f6bel kann zudem ohne Polsterung auch als Tisch (Kaffeetisch, Beistelltisch) verwendet werden. Optional auch mit Glasplatte in Tischgr\u00f6\u00dfe oder mit rundum vorstehender Glasplatte um einen gr\u00f6\u00dferen Tisch zu haben. Zus\u00e4tzlich ist die Fu\u00dfablage auch ein Reserve-Sitzplatz<\/p>\n\n\n\n<p>Santai<\/p>\n\n\n\n<figure class=\"wp-block-image size-large\"><img decoding=\"async\" src=\"https:\/\/www.moebel.org\/Bambusmoebel-Fotos-NEU\/bambusmoebel-sitzgruppe-aus-bambus-santai-kl.jpg\" alt=\"\"\/><\/figure>\n\n\n\n<p>Sofa Mod. Santai<br>Sitzgruppe<br><strong>Sessel \/ Fauteuil<\/strong><\/p>\n\n\n\n<p>Schlicht und einfach aber gut zum Sitzen. Bambussessel und Bambussofa&nbsp;Modell Santai&nbsp;ohne Armlehnen. Interessantes Design durch die R\u00fcckenlehne aus r\u00f6hrenf\u00f6rmigen Polstern. Fu\u00dfablage, Ecktisch, Kaffeetisch<\/p>\n\n\n\n<p>Jawa Single<br>Jawa 2-Sitzer<br>Hocker \/ Footrest<\/p>\n\n\n\n<figure class=\"wp-block-image size-large is-resized\"><img loading=\"lazy\" decoding=\"async\" src=\"https:\/\/www.moebel.org\/Bambusmoebel-Fotos-NEU\/Bambusmoebel-Sofas-Couch-Sitzgruppe___2021_08.JPG\" alt=\"\" width=\"833\" height=\"745\"\/><\/figure>\n\n\n\n<p><strong>Sessel<br>Sofa<br>Fu\u00dfablage<\/strong><\/p>\n\n\n\n<p>Fauteuil und Sofas&nbsp;Modell Jawa, Sitzm\u00f6bel mit gro\u00dfer Sitztiefe und mit wuchtigen Armlehnen, der Star in Punkto Komfort, sehr bequem und speziell f\u00fcr l\u00e4ngeres Sitzen und zum ausgiebigen Relaxen konzipiert. Sitzh\u00f6he f\u00fcr Esszimmer und \/ oder Wohnzimmer lieferbar (variabel wie bei allen Modellen). Sofas und Eckl\u00f6sungen nach Ma\u00df sind auch hier m\u00f6glich, siehe Foto rechts<\/p>\n\n\n\n<p>Lombok<\/p>\n\n\n\n<p><br>Lombok<br>Ex-Bali<\/p>\n\n\n\n<figure class=\"wp-block-image size-large\"><img decoding=\"async\" src=\"https:\/\/www.moebel.org\/bambusmoebel-sofa-couch-02_kl.jpg\" alt=\"\"\/><\/figure>\n\n\n\n<p><strong>Zweisitzer Sofa<br>Fauteuil<br>Sessel<\/strong><\/p>\n\n\n\n<p>Platzsparend und elegant ist das&nbsp;Modell Lombok. Diese Sofas und Sessel werden meist mit geringerer Sitztiefe gefertigt, das ist ideal f\u00fcr Pl\u00e4tze wo man nicht so lange sitzt bzw. wo der Platz knapp ist. Sonderma\u00dfe sind nat\u00fcrlich auch hier m\u00f6glich, ohne Aufpreis. Bambus-Sessel zum Lesen, Essen und Relaxen, f\u00fcr Hotelzimmer oder im Privatbereich. Leicht und platzsparend ist das&nbsp;Modell Ex-Bali, die Polsterung ist hier etwas d\u00fcnner als bei den Wohnzimmersofas<\/p>\n\n\n\n<hr class=\"wp-block-separator has-alpha-channel-opacity\"\/>\n\n\n\n<p><a href=\"https:\/\/www.moebel.org\/bambusmoebel-sitzmoebel-aus-bambus-hocker-fussablagen.htm\"><strong>Hocker \/ Fu\u00dfablagen \/ Footrests \/ Beistelltische<\/strong><\/a><\/p>\n\n\n\n<p>Hocker \/<br>Fu\u00dfablage<\/p>\n\n\n\n<figure class=\"wp-block-image size-large\"><img decoding=\"async\" src=\"https:\/\/www.moebel.org\/Bambusmoebel-Fotos-NEU\/tisch-betawi-footrest-hocker-jawa-illk-kl.jpg\" alt=\"\"\/><\/figure>\n\n\n\n<p><strong>Hocker \/ Beistelltisch \/ Fu\u00dfablage<\/strong><\/p>\n\n\n\n<p>Sonderanfertigungen Sitzm\u00f6bel:&nbsp;Sonderanfertigungen und Sonderma\u00dfe sind bei allen Modellen m\u00f6glich. Die Fragen die sich stellen sind immer &#8220;wo sollen denn die M\u00f6bel zum Einsatz kommen? Wohnzimmer? Wintergarten?&#8221; und &#8220;wie lange will man normalerweise dort sitzen&#8221;. Je nach Einsatzgebiet und Sitzdauer sollen n\u00e4mlich die Ma\u00dfe unterschiedlich sein. Grunds\u00e4tzlich gilt, je l\u00e4nger man sitzt desto gr\u00f6\u00dfer soll die Tiefe vom Sitz sein, und wichtig ist hier das Verh\u00e4ltnis zwischen Sitzh\u00f6he und Sitztiefe. Auch die K\u00f6rpergr\u00f6\u00dfe ist ev. zu ber\u00fccksichtigen, ein Mensch mit 190 cm K\u00f6rpergr\u00f6\u00dfe braucht f\u00fcr perfekten Sitzkomfort ein anderes Sofa als einer mit 160 cm.<\/p>\n\n\n\n<p>Stoffe<\/p>\n\n\n\n<p><a href=\"https:\/\/www.moebel.org\/bambustisch.htm\" data-type=\"URL\" data-id=\"https:\/\/www.moebel.org\/bambustisch.htm\"><strong>WZ Tische<\/strong><\/a><\/p>\n\n\n\n<p>Fu\u00dfablagen, Hocker<\/p>\n\n\n\n<p>Wintergartenm\u00f6bel<\/p>\n\n\n\n<p>Die Seite f\u00fcr diese Wohnzimmerm\u00f6bel in italienischer Sprache:\u00a0\u00a0<strong>Mobili per il salotto: divani e poltrone<\/strong>\u00a0<\/p>\n\n\n\n<p>Mehr Fotos und Infos \u00fcber Sitzm\u00f6bel bitte per Email anfordern:<\/p>\n\n\n\n<p><a href=\"https:\/\/www.moebel.org\/kontakt.htm\">Kontakt<\/a><\/p>\n\n\n\n<hr class=\"wp-block-separator has-alpha-channel-opacity\"\/>\n\n\n\n<p>Copyright \u00a9 M\u00f6bel Mitter &#8211; design and more, A &#8211; 4710 Grieskirchen&nbsp;<\/p>\n\n\n\n<p><a href=\"https:\/\/www.moebel.org\/\">Startseite M\u00f6bel<\/a> \/ <a href=\"https:\/\/www.moebel.org\/cms\/produkt-kategorie\/bambusmoebel-moebel-aus-bambus\/\">Shop Bambusm\u00f6bel<\/a><\/p>\n\n\n\n<p><\/p>\n\n\n\n<p>Unser Motto:&nbsp;Flexibel &#8211; preiswert &#8211; gut!<\/p>\n\n\n\n<p><a href=\"https:\/\/www.moebel.org\/AGB.htm\">AGB<\/a><\/p>\n\n\n\n<p><br>Bambusdesign in guter Qualit\u00e4t, sch\u00f6ne und stabile&nbsp;Bambusm\u00f6bel&nbsp;sowie auch klassische&nbsp;M\u00f6bel&nbsp;zu erschwinglichen Preisen, robuste Sofas und dazu passende Fauteuils, Hocker und Tische f\u00fcr den gesamten europ\u00e4ischen Markt, speziell \u00d6sterreich, Schweiz, Deutschland und Italien.<\/p>\n","protected":false},"excerpt":{"rendered":"<p>Bambusm\u00f6bel &#8211; SitzgruppenWohnzimmerm\u00f6bel und Wintergartenm\u00f6bel mit Flair, exotische Bambusm\u00f6bel in edler Ausf\u00fchrung.\u00a0Hier sind Sie auf der Seite mit dem Sitzkomfort (M\u00f6bel f\u00fcr den Innenbereich)! Sofas f\u00fcr<span class=\"excerpt-hellip\"> [\u2026]<\/span><\/p>\n","protected":false},"author":1,"featured_media":0,"parent":0,"menu_order":0,"comment_status":"closed","ping_status":"closed","template":"","meta":{"ngg_post_thumbnail":0,"footnotes":""},"class_list":["post-383","page","type-page","status-publish","hentry"],"_links":{"self":[{"href":"https:\/\/www.moebel.org\/cms\/wp-json\/wp\/v2\/pages\/383","targetHints":{"allow":["GET"]}}],"collection":[{"href":"https:\/\/www.moebel.org\/cms\/wp-json\/wp\/v2\/pages"}],"about":[{"href":"https:\/\/www.moebel.org\/cms\/wp-json\/wp\/v2\/types\/page"}],"author":[{"embeddable":true,"href":"https:\/\/www.moebel.org\/cms\/wp-json\/wp\/v2\/users\/1"}],"replies":[{"embeddable":true,"href":"https:\/\/www.moebel.org\/cms\/wp-json\/wp\/v2\/comments?post=383"}],"version-history":[{"count":19,"href":"https:\/\/www.moebel.org\/cms\/wp-json\/wp\/v2\/pages\/383\/revisions"}],"predecessor-version":[{"id":5585,"href":"https:\/\/www.moebel.org\/cms\/wp-json\/wp\/v2\/pages\/383\/revisions\/5585"}],"wp:attachment":[{"href":"https:\/\/www.moebel.org\/cms\/wp-json\/wp\/v2\/media?parent=383"}],"curies":[{"name":"wp","href":"https:\/\/api.w.org\/{rel}","templated":true}]}}